{"id":88,"date":"2010-12-10T20:55:38","date_gmt":"2010-12-10T19:55:38","guid":{"rendered":"http:\/\/www.spzwolkersdorf.ac.at\/wp\/?page_id=88"},"modified":"2026-04-22T14:13:03","modified_gmt":"2026-04-22T12:13:03","slug":"galerie","status":"publish","type":"page","link":"https:\/\/aso-wolkersdorf.ac.at\/wp\/?page_id=88","title":{"rendered":"Galerie"},"content":{"rendered":"\n<h2 class=\"wp-block-heading\">&nbsp;<\/h2>\n\n\n\n<h2 class=\"wp-block-heading\">&nbsp;<\/h2>\n\n\n\n<h2 class=\"wp-block-heading\">Schuljahr 2025\/2026<\/h2>\n\n\n\n<p>Besuch beim Biohof Vogt. <\/p>\n\n\n\n<figure class=\"wp-block-image size-large\"><a href=\"https:\/\/aso-wolkersdorf.ac.at\/wp\/wp-content\/uploads\/2026\/04\/20260409_083046-1-scaled.jpg\"><img loading=\"lazy\" decoding=\"async\" width=\"1024\" height=\"1024\" src=\"https:\/\/aso-wolkersdorf.ac.at\/wp\/wp-content\/uploads\/2026\/04\/20260409_083046-1-1024x1024.jpg\" alt=\"\" class=\"wp-image-2528\" srcset=\"https:\/\/aso-wolkersdorf.ac.at\/wp\/wp-content\/uploads\/2026\/04\/20260409_083046-1-1024x1024.jpg 1024w, https:\/\/aso-wolkersdorf.ac.at\/wp\/wp-content\/uploads\/2026\/04\/20260409_083046-1-300x300.jpg 300w, https:\/\/aso-wolkersdorf.ac.at\/wp\/wp-content\/uploads\/2026\/04\/20260409_083046-1-150x150.jpg 150w, https:\/\/aso-wolkersdorf.ac.at\/wp\/wp-content\/uploads\/2026\/04\/20260409_083046-1-1536x1536.jpg 1536w, https:\/\/aso-wolkersdorf.ac.at\/wp\/wp-content\/uploads\/2026\/04\/20260409_083046-1-2048x2048.jpg 2048w\" sizes=\"auto, (max-width: 1024px) 100vw, 1024px\" \/><\/a><\/figure>\n\n\n\n<figure class=\"wp-block-image size-large\"><a href=\"https:\/\/aso-wolkersdorf.ac.at\/wp\/wp-content\/uploads\/2026\/04\/WhatsApp-Image-2026-04-22-at-10.23.22.jpeg\"><img loading=\"lazy\" decoding=\"async\" width=\"1024\" height=\"1024\" src=\"https:\/\/aso-wolkersdorf.ac.at\/wp\/wp-content\/uploads\/2026\/04\/WhatsApp-Image-2026-04-22-at-10.23.22-1024x1024.jpeg\" alt=\"\" class=\"wp-image-2526\" srcset=\"https:\/\/aso-wolkersdorf.ac.at\/wp\/wp-content\/uploads\/2026\/04\/WhatsApp-Image-2026-04-22-at-10.23.22-1024x1024.jpeg 1024w, https:\/\/aso-wolkersdorf.ac.at\/wp\/wp-content\/uploads\/2026\/04\/WhatsApp-Image-2026-04-22-at-10.23.22-300x300.jpeg 300w, https:\/\/aso-wolkersdorf.ac.at\/wp\/wp-content\/uploads\/2026\/04\/WhatsApp-Image-2026-04-22-at-10.23.22-150x150.jpeg 150w\" sizes=\"auto, (max-width: 1024px) 100vw, 1024px\" \/><\/a><\/figure>\n\n\n\n<p>Unser Schulhaus wird mit den k\u00fcnstlerischen Arbeiten der Sch\u00fclerinnen und Sch\u00fcler passend zur Jahreszeit geschm\u00fcckt.<\/p>\n\n\n\n<figure class=\"wp-block-image size-large\"><a href=\"https:\/\/aso-wolkersdorf.ac.at\/wp\/wp-content\/uploads\/2026\/04\/WhatsApp-Image-2026-04-21-at-11.12.08.jpeg\"><img loading=\"lazy\" decoding=\"async\" width=\"1024\" height=\"579\" src=\"https:\/\/aso-wolkersdorf.ac.at\/wp\/wp-content\/uploads\/2026\/04\/WhatsApp-Image-2026-04-21-at-11.12.08-1024x579.jpeg\" alt=\"\" class=\"wp-image-2519\" srcset=\"https:\/\/aso-wolkersdorf.ac.at\/wp\/wp-content\/uploads\/2026\/04\/WhatsApp-Image-2026-04-21-at-11.12.08-1024x579.jpeg 1024w, https:\/\/aso-wolkersdorf.ac.at\/wp\/wp-content\/uploads\/2026\/04\/WhatsApp-Image-2026-04-21-at-11.12.08-300x170.jpeg 300w, https:\/\/aso-wolkersdorf.ac.at\/wp\/wp-content\/uploads\/2026\/04\/WhatsApp-Image-2026-04-21-at-11.12.08-768x434.jpeg 768w, https:\/\/aso-wolkersdorf.ac.at\/wp\/wp-content\/uploads\/2026\/04\/WhatsApp-Image-2026-04-21-at-11.12.08-1536x869.jpeg 1536w, https:\/\/aso-wolkersdorf.ac.at\/wp\/wp-content\/uploads\/2026\/04\/WhatsApp-Image-2026-04-21-at-11.12.08.jpeg 1600w\" sizes=\"auto, (max-width: 1024px) 100vw, 1024px\" \/><\/a><\/figure>\n\n\n\n<figure class=\"wp-block-image size-large\"><a href=\"https:\/\/aso-wolkersdorf.ac.at\/wp\/wp-content\/uploads\/2026\/04\/WhatsApp-Image-2026-04-21-at-11.12.08-1.jpeg\"><img loading=\"lazy\" decoding=\"async\" width=\"1024\" height=\"556\" src=\"https:\/\/aso-wolkersdorf.ac.at\/wp\/wp-content\/uploads\/2026\/04\/WhatsApp-Image-2026-04-21-at-11.12.08-1-1024x556.jpeg\" alt=\"\" class=\"wp-image-2518\" srcset=\"https:\/\/aso-wolkersdorf.ac.at\/wp\/wp-content\/uploads\/2026\/04\/WhatsApp-Image-2026-04-21-at-11.12.08-1-1024x556.jpeg 1024w, https:\/\/aso-wolkersdorf.ac.at\/wp\/wp-content\/uploads\/2026\/04\/WhatsApp-Image-2026-04-21-at-11.12.08-1-300x163.jpeg 300w, https:\/\/aso-wolkersdorf.ac.at\/wp\/wp-content\/uploads\/2026\/04\/WhatsApp-Image-2026-04-21-at-11.12.08-1-768x417.jpeg 768w, https:\/\/aso-wolkersdorf.ac.at\/wp\/wp-content\/uploads\/2026\/04\/WhatsApp-Image-2026-04-21-at-11.12.08-1-1536x833.jpeg 1536w, https:\/\/aso-wolkersdorf.ac.at\/wp\/wp-content\/uploads\/2026\/04\/WhatsApp-Image-2026-04-21-at-11.12.08-1.jpeg 1600w\" sizes=\"auto, (max-width: 1024px) 100vw, 1024px\" \/><\/a><\/figure>\n\n\n\n<figure class=\"wp-block-gallery has-nested-images columns-default is-cropped wp-block-gallery-1 is-layout-flex wp-block-gallery-is-layout-flex\">\n\n\n\n\n\n\n\n\n\n<\/figure>\n\n\n\n<figure class=\"wp-block-gallery has-nested-images columns-default is-cropped wp-block-gallery-2 is-layout-flex wp-block-gallery-is-layout-flex\">\n\n<\/figure>\n\n\n\n<p><strong>ngg_shortcode_0_placeholder<\/strong><\/p>\n\n\n\n<p><strong>ngg_shortcode_1_placeholder<\/strong><\/p>\n\n\n\n<p><strong>ngg_shortcode_2_placeholder<\/strong><\/p>\n\n\n\n<p><strong>ngg_shortcode_3_placeholder<\/strong><\/p>\n\n\n\n<p><strong>ngg_shortcode_4_placeholder<\/strong><\/p>\n\n\n\n<p><strong>ngg_shortcode_5_placeholder<\/strong><\/p>\n\n\n\n<p><strong>ngg_shortcode_6_placeholder<\/strong><\/p>\n\n\n\n<p><strong>ngg_shortcode_7_placeholder<\/strong><\/p>\n\n\n\n<p><strong>ngg_shortcode_8_placeholder<\/strong><\/p>\n\n\n\n<p>Ein Mini-Wald als Zeichen gelebter Gemeinschaft.<\/p>\n\n\n\n<p>Auf Initiative mit dem Verein Citizen Forests wurde im Pflege- und Betreuungszentrum Wolkersdorf ein Mini-Wald gepflanzt. Gemeinsam mit den Sch\u00fclerinnen und Sch\u00fclern der AHS Wolkersdorf packten auch unsere Sch\u00fclerinnen und Sch\u00fcler tatkr\u00e4ftig mit an. Mit gro\u00dfem Engagement und Begeisterung wurden rund 600 Setzlinge von B\u00e4umen und Str\u00e4uchern gepflanzt. So entsteht Schritt f\u00fcr Schritt ein Mini-Wald, der nicht nur einen wertvollen Beitrag zum Klimaschutz leistet, sondern auch ein nachhaltiges Zeichen f\u00fcr unsere Umwelt setzt. <\/p>\n\n\n\n<p><strong>ngg_shortcode_9_placeholder<\/strong> <strong>ngg_shortcode_10_placeholder<\/strong><\/p>\n\n\n\n<p><strong>ngg_shortcode_11_placeholder<\/strong> <\/p>\n\n\n\n<p>Faschingsdienstag<\/p>\n\n\n\n<p><strong>ngg_shortcode_12_placeholder<\/strong> <strong>ngg_shortcode_13_placeholder<\/strong><\/p>\n\n\n\n<p>Unicef-Workshop <\/p>\n\n\n\n<p><strong>ngg_shortcode_14_placeholder<\/strong> <strong>ngg_shortcode_15_placeholder<\/strong><\/p>\n\n\n\n<p><strong>ngg_shortcode_16_placeholder<\/strong> <strong>ngg_shortcode_17_placeholder<\/strong><\/p>\n\n\n\n<p>Spa\u00df im Winter beim Eislaufen und im Schnee<\/p>\n\n\n\n<p><strong>ngg_shortcode_18_placeholder<\/strong> <strong>ngg_shortcode_19_placeholder<\/strong><\/p>\n\n\n\n<p><strong>ngg_shortcode_20_placeholder<\/strong> <strong>ngg_shortcode_21_placeholder<\/strong><\/p>\n\n\n\n<p><strong>ngg_shortcode_22_placeholder<\/strong> <strong>ngg_shortcode_23_placeholder<\/strong><\/p>\n\n\n\n<p><strong>ngg_shortcode_24_placeholder<\/strong><\/p>\n\n\n\n<p>Vor Weihnachten besuchten einige Sch\u00fclerinnen und Sch\u00fcler das Puppentheater Lilarum in Wien. Wir sahen das St\u00fcck &#8222;Hase Hoppla und der Weihnachtsbaum&#8220;<\/p>\n\n\n\n<p><strong>ngg_shortcode_25_placeholder<\/strong> <strong>ngg_shortcode_26_placeholder<\/strong><\/p>\n\n\n\n<p>Wir backen Kekse.<\/p>\n\n\n\n<p><strong>ngg_shortcode_27_placeholder<\/strong> <\/p>\n\n\n\n<p><strong>ngg_shortcode_28_placeholder<\/strong> <\/p>\n\n\n\n<p><strong>ngg_shortcode_29_placeholder<\/strong><\/p>\n\n\n\n<p>Wie jedes Jahr besuchte uns auch heuer wieder der Nikolaus.<\/p>\n\n\n\n<p>Gespannt warten wir auf ihn. <strong>ngg_shortcode_30_placeholder<\/strong> <\/p>\n\n\n\n<p>Er liest uns etwas vor. <strong>ngg_shortcode_31_placeholder<\/strong><\/p>\n\n\n\n<p>Danke, lieber Nikolaus! <\/p>\n\n\n\n<figure class=\"wp-block-image size-large\"><a href=\"https:\/\/aso-wolkersdorf.ac.at\/wp\/wp-content\/uploads\/2026\/03\/20251209_101611-scaled.jpg\"><img loading=\"lazy\" decoding=\"async\" width=\"1024\" height=\"461\" src=\"https:\/\/aso-wolkersdorf.ac.at\/wp\/wp-content\/uploads\/2026\/03\/20251209_101611-1024x461.jpg\" alt=\"\" class=\"wp-image-2362\" srcset=\"https:\/\/aso-wolkersdorf.ac.at\/wp\/wp-content\/uploads\/2026\/03\/20251209_101611-1024x461.jpg 1024w, https:\/\/aso-wolkersdorf.ac.at\/wp\/wp-content\/uploads\/2026\/03\/20251209_101611-300x135.jpg 300w, https:\/\/aso-wolkersdorf.ac.at\/wp\/wp-content\/uploads\/2026\/03\/20251209_101611-768x346.jpg 768w, https:\/\/aso-wolkersdorf.ac.at\/wp\/wp-content\/uploads\/2026\/03\/20251209_101611-1536x691.jpg 1536w, https:\/\/aso-wolkersdorf.ac.at\/wp\/wp-content\/uploads\/2026\/03\/20251209_101611-2048x922.jpg 2048w\" sizes=\"auto, (max-width: 1024px) 100vw, 1024px\" \/><\/a><\/figure>\n\n\n\n<p>Kasperltheater<\/p>\n\n\n\n<p>Auf Wunsch der Sch\u00fclerinnen und Sch\u00fcler wurde ein Kasperltheater gebaut.<\/p>\n\n\n\n<p><strong>ngg_shortcode_32_placeholder<\/strong><\/p>\n\n\n\n<p><strong>ngg_shortcode_33_placeholder<\/strong><\/p>\n\n\n\n<p><strong>ngg_shortcode_34_placeholder<\/strong><\/p>\n\n\n\n<p>&nbsp;<\/p>\n\n\n\n<p>Einige Sch\u00fclerinnen und Sch\u00fcler besuchten das Geldmuseum in Wien.<\/p>\n\n\n\n<p><strong>ngg_shortcode_35_placeholder<\/strong><\/p>\n\n\n\n<p><strong>ngg_shortcode_36_placeholder<\/strong><\/p>\n\n\n\n<p><strong>ngg_shortcode_37_placeholder<\/strong><\/p>\n\n\n\n<p><strong>ngg_shortcode_38_placeholder<\/strong><\/p>\n\n\n\n<p>Wir feiern Erntedank und sagen Danke f\u00fcr viele Dinge des Lebens.<\/p>\n\n\n\n<p><strong>ngg_shortcode_39_placeholder<\/strong><\/p>\n\n\n\n<p><strong>ngg_shortcode_40_placeholder<\/strong><\/p>\n\n\n\n<p>Besuch bei den Puppentheatertagen in Mistelbach<\/p>\n\n\n\n<p>&nbsp;<\/p>\n\n\n\n<p>Striezelbacken in der Schule<\/p>\n\n\n\n<p><strong>ngg_shortcode_41_placeholder<\/strong><\/p>\n\n\n\n<p><strong>ngg_shortcode_42_placeholder<\/strong><\/p>\n\n\n\n<p>&nbsp;<\/p>\n\n\n\n<h2 class=\"wp-block-heading\">Schuljahr 2024\/2025<\/h2>\n\n\n\n<p>Teilnahme beim N\u00d6 Media Projekt<\/p>\n\n\n\n<p>1000 Pl\u00e4tze &#8211; 1000 Sch\u00e4tze: So sch\u00f6n ist Nieder\u00f6sterreich<\/p>\n\n\n\n<p><strong>ngg_shortcode_43_placeholder<\/strong><\/p>\n\n\n\n<p>Wir haben an diesem Wettbewerb teilgenommen und wir wurden in die engere Auswahl gezogen. Deshalb durften wir am 10. Juni zur Abschlussveranstaltung nach St. P\u00f6lten fahren. Dort gewannen wir eine Soundbox f\u00fcr die Schule.&nbsp;<\/p>\n\n\n\n<p>Aus Fotos von besonders sch\u00f6nen Pl\u00e4tzen in Wolkersdorf, die mit einer 360\u00b0 Kamera aufgenommen wurden, haben die Sch\u00fcler im Unterrichtsfach Digitale Grundbildung Videos gemacht. Sie lernten Videos zu schneiden und sie mit Musik zu unterlegen.&nbsp;<\/p>\n\n\n\n<p>Besuch im Technischen Museum.<\/p>\n\n\n\n<p>Thema: Fliegen<\/p>\n\n\n\n<p><strong>ngg_shortcode_44_placeholder<\/strong><\/p>\n\n\n\n<p><strong>ngg_shortcode_45_placeholder<\/strong><\/p>\n\n\n\n<p><strong>ngg_shortcode_46_placeholder<\/strong><\/p>\n\n\n\n<p>Osterbasteleien!<\/p>\n\n\n\n<p><strong>ngg_shortcode_47_placeholder<\/strong><\/p>\n\n\n\n<p><strong>ngg_shortcode_48_placeholder<\/strong><\/p>\n\n\n\n<p><strong>ngg_shortcode_49_placeholder<\/strong><\/p>\n\n\n\n<p>Fasching!<\/p>\n\n\n\n<p><strong>ngg_shortcode_50_placeholder<\/strong><\/p>\n\n\n\n<p>Aktion: Landeshauptstadt<\/p>\n\n\n\n<p>Heuer fuhren wir wieder nach St. P\u00f6lten. Wir verbrachten einen interessanten Vormittag und lernten unsere Landeshauptstadt kennen.<\/p>\n\n\n\n<p><strong>ngg_shortcode_51_placeholder<\/strong><\/p>\n\n\n\n<p><strong>ngg_shortcode_52_placeholder<\/strong><\/p>\n\n\n\n<p><strong>ngg_shortcode_53_placeholder<\/strong><\/p>\n\n\n\n<p>Beim Eislaufen!<\/p>\n\n\n\n<p>Jedes Jahr freuen wir uns darauf, eislaufen gehen zu k\u00f6nnen.&nbsp;<\/p>\n\n\n\n<p><strong>ngg_shortcode_54_placeholder<\/strong><\/p>\n\n\n\n<p><strong>ngg_shortcode_55_placeholder<\/strong><\/p>\n\n\n\n<p><strong>ngg_shortcode_56_placeholder<\/strong><\/p>\n\n\n\n<p><strong>ngg_shortcode_57_placeholder<\/strong><\/p>\n\n\n\n<p><strong>ngg_shortcode_58_placeholder<\/strong><\/p>\n\n\n\n<p><strong>ngg_shortcode_59_placeholder<\/strong><\/p>\n\n\n\n<p><strong>ngg_shortcode_60_placeholder<\/strong><\/p>\n\n\n\n<p><strong>ngg_shortcode_61_placeholder<\/strong><\/p>\n\n\n\n<p><strong>ngg_shortcode_62_placeholder<\/strong><\/p>\n\n\n\n<p><strong>ngg_shortcode_63_placeholder<\/strong><\/p>\n\n\n\n<p><strong>ngg_shortcode_64_placeholder<\/strong><\/p>\n\n\n\n<p>&nbsp;<\/p>\n\n\n\n<p>Kinotag!<\/p>\n\n\n\n<p>Am letzten Schultag vor den Ferien gab es bei uns eine Kinovorstellung. Die Sch\u00fclerinnen und Sch\u00fcler konnten sich einen von vier Filmen aussuchen und den Film mit Popcorn und Punsch genie\u00dfen.<\/p>\n\n\n\n<p><strong>ngg_shortcode_65_placeholder<\/strong><\/p>\n\n\n\n<p><strong>ngg_shortcode_66_placeholder<\/strong><\/p>\n\n\n\n<p><strong>ngg_shortcode_67_placeholder<\/strong><\/p>\n\n\n\n<p><strong>ngg_shortcode_68_placeholder<\/strong><\/p>\n\n\n\n<p><strong>ngg_shortcode_69_placeholder<\/strong><\/p>\n\n\n\n<p><strong>ngg_shortcode_70_placeholder<\/strong><\/p>\n\n\n\n<p>&nbsp;<\/p>\n\n\n\n<p>Vorweihnachtszeit!<\/p>\n\n\n\n<p>Vor Weihnachten wird bei uns gemeinsam gemalt, gebastelt, das Schulhaus dekoriert und gesungen. Einige von uns waren auch in Wien beim Christkindlmarkt.<\/p>\n\n\n\n<p><strong>ngg_shortcode_71_placeholder<\/strong><\/p>\n\n\n\n<p><strong>ngg_shortcode_72_placeholder<\/strong><\/p>\n\n\n\n<p><strong>ngg_shortcode_73_placeholder<\/strong><\/p>\n\n\n\n<p><strong>ngg_shortcode_74_placeholder<\/strong><\/p>\n\n\n\n<p><strong>ngg_shortcode_75_placeholder<\/strong><\/p>\n\n\n\n<p><strong>ngg_shortcode_76_placeholder<\/strong><\/p>\n\n\n\n<p><strong>ngg_shortcode_77_placeholder<\/strong><\/p>\n\n\n\n<p><strong>ngg_shortcode_78_placeholder<\/strong><\/p>\n\n\n\n<p>Der Nikolaus war da!<\/p>\n\n\n\n<p>Wie jedes Jahr besuchte uns der Nikolaus und \u00fcberreichte den Sch\u00fclerinnen und Sch\u00fclern die, von ihnen gebastelten, Nikolaussackerl.<\/p>\n\n\n\n<p>Vielen Dank an Walter Mayr.<\/p>\n\n\n\n<p><strong>ngg_shortcode_79_placeholder<\/strong><\/p>\n\n\n\n<p><strong>ngg_shortcode_80_placeholder<\/strong><\/p>\n\n\n\n<p><strong>ngg_shortcode_81_placeholder<\/strong><\/p>\n\n\n\n<p><strong>ngg_shortcode_82_placeholder<\/strong><\/p>\n\n\n\n<h2 class=\"wp-block-heading\">&nbsp;<\/h2>\n\n\n\n<p>Im Oktober feierten wir ein Erntedankfest.<\/p>\n\n\n\n<p><strong>ngg_shortcode_83_placeholder<\/strong><\/p>\n\n\n\n<p><strong>ngg_shortcode_84_placeholder<\/strong><\/p>\n\n\n\n<h2 class=\"wp-block-heading\"><strong>Schuljahr<\/strong> 2023\/2024<\/h2>\n\n\n\n<p>Spaziergang in die &#8222;Sandgstettn&#8220;<strong>]<\/strong><\/p>\n\n\n\n<p><strong>ngg_shortcode_85_placeholder<\/strong><\/p>\n\n\n\n<p><strong>ngg_shortcode_86_placeholder<\/strong><\/p>\n\n\n\n<p><strong>ngg_shortcode_87_placeholder<\/strong><\/p>\n\n\n\n<p>Besuch bei der Feuerwehr<\/p>\n\n\n\n<p>Danke an die freiwillige Feuerwehr Wolkersdorf!&nbsp;<\/p>\n\n\n\n<p><strong>ngg_shortcode_88_placeholder<\/strong><\/p>\n\n\n\n<p><strong>ngg_shortcode_89_placeholder<\/strong><\/p>\n\n\n\n<p><strong>ngg_shortcode_90_placeholder<\/strong><\/p>\n\n\n\n<p><strong>ngg_shortcode_91_placeholder<\/strong><\/p>\n\n\n\n<p><strong>ngg_shortcode_92_placeholder<\/strong><\/p>\n\n\n\n<p>Erste Hilfe<\/p>\n\n\n\n<p>Im April war Walter Mayr bei uns in der Schule und hat mit den Sch\u00fclerinnen und Sch\u00fclern \u00fcber das Thema Erste Hilfe gesprochen. Er hat uns viele Dinge erz\u00e4hlt und gezeigt.<\/p>\n\n\n\n<p><strong>ngg_shortcode_93_placeholder<\/strong><\/p>\n\n\n\n<p><strong>ngg_shortcode_94_placeholder<\/strong><\/p>\n\n\n\n<p><strong>ngg_shortcode_95_placeholder<\/strong><\/p>\n\n\n\n<p><strong>ngg_shortcode_96_placeholder<\/strong><\/p>\n\n\n\n<p>Es war sehr spannend und lehrreich. Vielen Dank!<\/p>\n\n\n\n<p><span style=\"font-size: revert; color: initial;\">Der Weihbischof zu Besuch in unserer Schule<\/span><\/p>\n\n\n\n<p>Am 18. April 2024 hat sich unsere Schule \u00fcber besondere G\u00e4ste gefreut:<\/p>\n\n\n\n<p>Im Rahmen einer Bischofsvisitation ist der Weihbischof Stephan Turnovszky in Begleitung von der Fachinspektorin f\u00fcr den r\u00f6misch &#8211; katholischen Religionsunterricht Dipl.-P\u00e4d. Bernadette Bruckner sowie dem Wolkersdorfer B\u00fcrgermeister Ing. Dominic Litzka, BEd zu uns gekommen. Nach der Begr\u00fc\u00dfung der G\u00e4ste durch die Schulleiterin Dipl.-P\u00e4d Renate Pelzmann und Religionslehrerin Mag. Julia Anna Ruf, MA f\u00fchrten diese die Ehreng\u00e4ste durch die Schule. Anschlie\u00dfend wurde in einer kleinen Pr\u00e4sentation der katholische Unterricht gemeinsam mit den literarischen Lehrerinnen an unserer Schule vorgestellt und gemeinsam gesungen. Die Religionskinder \u00fcberreichten den G\u00e4sten selbstgemachte Brote sowie bunte Holzkreuze. Die Sch\u00fcler*innen zeigten auch ihre Hefte und Bastelarbeiten her. Unser Weihbischof nahm sich au\u00dferdem gen\u00fcgend Zeit, um mit den Kindern \u00fcber seine Insignien zu sprechen, gemeinsam zu beten und Fragen der Kinder zu beantworten. Bei einer kleinen Agape fand auch ein Austausch zwischen den G\u00e4sten, der Schulleiterin und dem Lehrerinnenteam statt.<\/p>\n\n\n\n<p>Es freut uns, dass wir einen sch\u00f6nen Vormittag mit dem Weihbischof verbringen konnten.<\/p>\n\n\n\n<p><strong>ngg_shortcode_97_placeholder<\/strong><\/p>\n\n\n\n<p><strong>ngg_shortcode_98_placeholder<\/strong><\/p>\n\n\n\n<p><strong>ngg_shortcode_99_placeholder<\/strong><\/p>\n\n\n\n<p><strong>ngg_shortcode_100_placeholder<\/strong><\/p>\n\n\n\n<p><strong>ngg_shortcode_101_placeholder<\/strong><\/p>\n\n\n\n<p>&nbsp;<\/p>\n\n\n\n<p>&nbsp;<\/p>\n\n\n\n<p>Fasching<\/p>\n\n\n\n<p><strong>ngg_shortcode_102_placeholder<\/strong><\/p>\n\n\n\n<p>&nbsp;<\/p>\n\n\n\n<p>Diese tollen Roboter wurden in der schulischen Nachmittagsbetreuung gemacht.&nbsp;<\/p>\n\n\n\n<p><strong>ngg_shortcode_103_placeholder<\/strong><\/p>\n\n\n\n<p>&nbsp;<\/p>\n\n\n\n<p>Freude an Bewegung<\/p>\n\n\n\n<p><strong>ngg_shortcode_104_placeholder<\/strong><\/p>\n\n\n\n<p>&nbsp;<\/p>\n\n\n\n<p>Eislaufen<\/p>\n\n\n\n<p>Wie jedes Jahr waren wir auch heuer wieder Eislaufen. Ob mit oder ohne Pinguin: alle haben ihren Spa\u00df!<\/p>\n\n\n\n<p><strong>ngg_shortcode_105_placeholder<\/strong><\/p>\n\n\n\n<p><strong>ngg_shortcode_106_placeholder<\/strong><\/p>\n\n\n\n<p><strong>ngg_shortcode_107_placeholder<\/strong><\/p>\n\n\n\n<p><strong>ngg_shortcode_108_placeholder<\/strong><\/p>\n\n\n\n<p><strong>ngg_shortcode_109_placeholder<\/strong><\/p>\n\n\n\n<p>&nbsp;<\/p>\n\n\n\n<p>Besuch des Christkindlmarktes<\/p>\n\n\n\n<p><strong>ngg_shortcode_110_placeholder<\/strong><\/p>\n\n\n\n<p><strong>ngg_shortcode_111_placeholder<\/strong><\/p>\n\n\n\n<p>&nbsp;<\/p>\n\n\n\n<p>Der Nikolaus war da!<\/p>\n\n\n\n<p>Auch in diesem Jahr besuchte uns der Hl. Nikolaus. Er plauderte mit uns und gab den Sch\u00fclerinnen und Sch\u00fclern ihre selbstgemachten, mit Obst, N\u00fcssen und Schokolade gef\u00fcllten, Stiefel.<\/p>\n\n\n\n<p><strong>ngg_shortcode_112_placeholder<\/strong><\/p>\n\n\n\n<p><strong>ngg_shortcode_113_placeholder<\/strong><\/p>\n\n\n\n<p>&nbsp;<\/p>\n\n\n\n<p>Herbstspaziergang<\/p>\n\n\n\n<p><strong>ngg_shortcode_114_placeholder<\/strong><\/p>\n\n\n\n<p><strong>ngg_shortcode_115_placeholder<\/strong><\/p>\n\n\n\n<p>&nbsp;<\/p>\n\n\n\n<p>Herbstdeko der 2. Klasse<\/p>\n\n\n\n<p><strong>ngg_shortcode_116_placeholder<\/strong><\/p>\n\n\n\n<p>&nbsp;<\/p>\n\n\n\n<p>Erntedankfest in der Schule<\/p>\n\n\n\n<p>Vor den Herbstferien feierten wir alle zusammen das Erntedankfest.&nbsp;<\/p>\n\n\n\n<p><strong>ngg_shortcode_117_placeholder<\/strong><\/p>\n\n\n\n<p><strong>ngg_shortcode_118_placeholder<\/strong><\/p>\n\n\n\n<p><strong>ngg_shortcode_119_placeholder<\/strong><\/p>\n\n\n\n<p><strong>ngg_shortcode_120_placeholder<\/strong><\/p>\n\n\n\n<p>&nbsp;<\/p>\n\n\n\n<p>Burg Kreuzenstein<\/p>\n\n\n\n<p>Am 18. September fuhren alle Sch\u00fclerinnen und Sch\u00fcler mit ihren Lehrerinnen auf die Burg Kreuzenstein.<\/p>\n\n\n\n<p><strong>ngg_shortcode_121_placeholder<\/strong><\/p>\n\n\n\n<p>Nachdem wir dort unsere Jause gegessen hatten, bekamen wir eine F\u00fchrung durch die Burg. Wir erfuhren Interessantes aus dem Mittelalter und stellten viele Fragen.&nbsp;<\/p>\n\n\n\n<p><strong>ngg_shortcode_122_placeholder<\/strong><\/p>\n\n\n\n<p><strong>ngg_shortcode_123_placeholder<\/strong><\/p>\n\n\n\n<p><strong>ngg_shortcode_124_placeholder<\/strong><\/p>\n\n\n\n<p><strong>ngg_shortcode_125_placeholder<\/strong><\/p>\n\n\n\n<p><strong>ngg_shortcode_126_placeholder<\/strong><\/p>\n\n\n\n<p><strong>ngg_shortcode_127_placeholder<\/strong><\/p>\n\n\n\n<p><strong>ngg_shortcode_128_placeholder<\/strong><\/p>\n\n\n\n<p><strong>ngg_shortcode_129_placeholder<\/strong><\/p>\n\n\n\n<p><strong>ngg_shortcode_130_placeholder<\/strong><\/p>\n\n\n\n<p><strong>ngg_shortcode_131_placeholder<\/strong><\/p>\n\n\n\n<p>Danach konnten wir uns auf dem nahegelegenen Spielplatz austoben.&nbsp;<\/p>\n\n\n\n<p><strong>ngg_shortcode_132_placeholder<\/strong><\/p>\n\n\n\n<p><strong>ngg_shortcode_133_placeholder<\/strong><\/p>\n\n\n\n<p><strong>ngg_shortcode_134_placeholder<\/strong><\/p>\n\n\n\n<p>Weinlese beim Winzerhof Lang<\/p>\n\n\n\n<p>An einem wundersch\u00f6nen Herbsttag gingen wir nach Pillichsdorf zum Weinlesen. Frau Wimmer zeigte uns, wie es geht und dann durften wir selber lesen. Zwischendurch und danach st\u00e4rkten wir uns mit Traubensaft und Keksen.&nbsp;<\/p>\n\n\n\n<p>Die Weintrauben wurden dann am n\u00e4chsten Tag in der Schule verkostet.<\/p>\n\n\n\n<p><strong>ngg_shortcode_135_placeholder<\/strong><\/p>\n\n\n\n<p><strong>ngg_shortcode_136_placeholder<\/strong><\/p>\n\n\n\n<p><strong>ngg_shortcode_137_placeholder<\/strong><\/p>\n\n\n\n<p><strong>ngg_shortcode_138_placeholder<\/strong><\/p>\n\n\n\n<p><strong>ngg_shortcode_139_placeholder<\/strong><\/p>\n\n\n\n<p><strong>ngg_shortcode_140_placeholder<\/strong><\/p>\n\n\n\n<p><strong>ngg_shortcode_141_placeholder<\/strong><\/p>\n\n\n\n<p><strong>ngg_shortcode_142_placeholder<\/strong><\/p>\n\n\n\n<p><strong>ngg_shortcode_143_placeholder<\/strong><\/p>\n\n\n\n<p><strong>ngg_shortcode_144_placeholder<\/strong><\/p>\n\n\n\n<p><strong>ngg_shortcode_145_placeholder<\/strong><\/p>\n\n\n\n<h2 class=\"wp-block-heading\"><strong>Schuljahr<\/strong> 2022\/2023<\/h2>\n\n\n\n<p>&nbsp;<\/p>\n\n\n\n<p>Eindr\u00fccke aus dem Schulalltag<\/p>\n\n\n\n<p><strong>ngg_shortcode_146_placeholder<\/strong><\/p>\n\n\n\n<p><strong>ngg_shortcode_147_placeholder<\/strong><\/p>\n\n\n\n<p><strong>ngg_shortcode_148_placeholder<\/strong><\/p>\n\n\n\n<p><strong>ngg_shortcode_149_placeholder<\/strong><\/p>\n\n\n\n<p><strong>ngg_shortcode_150_placeholder<\/strong><\/p>\n\n\n\n<p><strong>ngg_shortcode_151_placeholder<\/strong><\/p>\n\n\n\n<p><strong>ngg_shortcode_152_placeholder<\/strong><\/p>\n\n\n\n<p><strong>ngg_shortcode_153_placeholder<\/strong><\/p>\n\n\n\n<p><strong>ngg_shortcode_154_placeholder<\/strong><\/p>\n\n\n\n<p><strong>ngg_shortcode_155_placeholder<\/strong><\/p>\n\n\n\n<p><strong>ngg_shortcode_156_placeholder<\/strong><\/p>\n\n\n\n<p><strong>ngg_shortcode_157_placeholder<\/strong><\/p>\n\n\n\n<p>&nbsp;<\/p>\n\n\n\n<p>Fit mit Christoph<\/p>\n\n\n\n<p><strong>ngg_shortcode_158_placeholder<\/strong><\/p>\n\n\n\n<p><strong>ngg_shortcode_159_placeholder<\/strong><\/p>\n\n\n\n<p><strong>ngg_shortcode_160_placeholder<\/strong><\/p>\n\n\n\n<p><strong>ngg_shortcode_161_placeholder<\/strong><\/p>\n\n\n\n<p><strong>ngg_shortcode_162_placeholder<\/strong><\/p>\n\n\n\n<p>Bei den Pferden<\/p>\n\n\n\n<p><strong>ngg_shortcode_163_placeholder<\/strong><\/p>\n\n\n\n<p><strong>ngg_shortcode_164_placeholder<\/strong><\/p>\n\n\n\n<p><strong>ngg_shortcode_165_placeholder<\/strong><\/p>\n\n\n\n<p>Im Rahmen des katholischen Religionsunterrichtes,<br>haben die Sch\u00fcler und Sch\u00fclerinnen der 2. und 3. Klasse<br>in der NATUR ihr eigenes Bodenbild der \u201eSch\u00f6pfung\u201c gelegt.<\/p>\n\n\n\n<p><strong>ngg_shortcode_166_placeholder<\/strong><\/p>\n\n\n\n<p><strong>ngg_shortcode_167_placeholder<\/strong><\/p>\n\n\n\n<p><strong>ngg_shortcode_168_placeholder<\/strong><\/p>\n\n\n\n<p><strong>ngg_shortcode_169_placeholder<\/strong><\/p>\n\n\n\n<h2 class=\"wp-block-heading\"><strong>Schuljahr 2021 \/ 2022<\/strong><\/h2>\n\n\n\n<p>Manche der Fotos sind Schnappsch\u00fcsse, die mit dem Handy aufgenommen wurden. Deshalb ist die Qualit\u00e4t mancher Fotos nicht so professionell.&nbsp;<\/p>\n\n\n\n<p>Spa\u00df im Schnee und beim Eislaufen<\/p>\n\n\n\n<p><strong>ngg_shortcode_170_placeholder<\/strong><\/p>\n\n\n\n<p><strong>ngg_shortcode_171_placeholder<\/strong><\/p>\n\n\n\n<p><strong>ngg_shortcode_172_placeholder<\/strong><\/p>\n\n\n\n<p><strong>ngg_shortcode_173_placeholder<\/strong><\/p>\n\n\n\n<p><strong>ngg_shortcode_174_placeholder<\/strong><\/p>\n\n\n\n<p>Weihnachtsfeier<\/p>\n\n\n\n<p>Gemeinsam gestalteten wir eine kleine Feier zu Weihnachten. Jede Klasse trug dazu etwas bei. Es gab eine Weihnachtsgeschichte, ein Schattentheater, selbst gestaltete Weihnachtskarten f\u00fcr alle Sch\u00fclerinnen und Sch\u00fcler und eine Jause.&nbsp;<\/p>\n\n\n\n<p><strong>ngg_shortcode_175_placeholder<\/strong><\/p>\n\n\n\n<p><strong>ngg_shortcode_176_placeholder<\/strong><\/p>\n\n\n\n<p><strong>ngg_shortcode_177_placeholder<\/strong><\/p>\n\n\n\n<p><strong>ngg_shortcode_178_placeholder<\/strong><\/p>\n\n\n\n<p><strong>ngg_shortcode_179_placeholder<\/strong><\/p>\n\n\n\n<p>Schm\u00fccken des Weihnachtsbaums<\/p>\n\n\n\n<p>Wie immer basteltet die Sch\u00fclerinnen und Sch\u00fcler Schmuck f\u00fcr einen der Weihnachtsb\u00e4ume, die in Wolkersdorf f\u00fcr weihnachtliche Stimmung sorgen.<\/p>\n\n\n\n<p><strong>ngg_shortcode_180_placeholder<\/strong><\/p>\n\n\n\n<p>Wir backen Apfelstrudel<\/p>\n\n\n\n<p><strong>ngg_shortcode_181_placeholder<\/strong><\/p>\n\n\n\n<p>Der Nikolaus war da!<\/p>\n\n\n\n<p>Wie jedes Jahr besuchte uns auch heuer der Nikolaus. Danke f\u00fcr den Besuch!<\/p>\n\n\n\n<p><strong>ngg_shortcode_182_placeholder&nbsp; &nbsp; &nbsp; &nbsp; &nbsp;<\/strong><\/p>\n\n\n\n<p><strong>ngg_shortcode_183_placeholder<\/strong><\/p>\n\n\n\n<p><strong>ngg_shortcode_184_placeholder<\/strong><\/p>\n\n\n\n<p>&nbsp;<\/p>\n\n\n\n<p>Im September fand ein Zirkus-Workshop mit Daniel Morelli statt. Die Sch\u00fclerinnen und Sch\u00fcler hatten dabei viel Spa\u00df.&nbsp;<\/p>\n\n\n\n<p><strong>ngg_shortcode_185_placeholder&nbsp; &nbsp; &nbsp; &nbsp; &nbsp; ngg_shortcode_186_placeholder<\/strong><\/p>\n\n\n\n<p><strong>ngg_shortcode_187_placeholder&nbsp; &nbsp; &nbsp; &nbsp; &nbsp; ngg_shortcode_188_placeholder<\/strong><\/p>\n\n\n\n<p><strong>ngg_shortcode_189_placeholder&nbsp; &nbsp; &nbsp; &nbsp; &nbsp; <\/strong><strong>ngg_shortcode_190_placeholder<\/strong><\/p>\n\n\n\n<p><strong>ngg_shortcode_191_placeholder&nbsp; &nbsp; &nbsp; &nbsp; &nbsp; <\/strong><strong>ngg_shortcode_192_placeholder<\/strong><\/p>\n\n\n\n<p><strong>ngg_shortcode_193_placeholder&nbsp; &nbsp; &nbsp; &nbsp; &nbsp; <\/strong><strong>ngg_shortcode_194_placeholder<\/strong><\/p>\n\n\n\n<p><strong>ngg_shortcode_195_placeholder&nbsp; &nbsp; &nbsp; &nbsp; &nbsp; ngg_shortcode_196_placeholder<\/strong><\/p>\n\n\n\n<p><strong>ngg_shortcode_197_placeholder&nbsp; &nbsp; &nbsp; &nbsp; &nbsp; ngg_shortcode_198_placeholder<\/strong><\/p>\n\n\n\n<p><strong>ngg_shortcode_199_placeholder&nbsp; &nbsp; &nbsp; &nbsp; &nbsp; ngg_shortcode_200_placeholder<\/strong><\/p>\n\n\n\n<p><strong>ngg_shortcode_201_placeholder&nbsp; &nbsp; &nbsp; &nbsp; &nbsp; ngg_shortcode_202_placeholder<\/strong><\/p>\n\n\n\n<p>&nbsp;<\/p>\n\n\n\n<p>Am Tag des Sports marschierten die Sch\u00fclerinnen und Sch\u00fcler mit Nordic Walking St\u00f6cken durch Wolkersdorf.<\/p>\n\n\n\n<p><strong>ngg_shortcode_203_placeholder&nbsp; &nbsp; &nbsp; &nbsp; &nbsp;&nbsp;<\/strong><\/p>\n\n\n\n<p>Die 4. Klasse besch\u00e4ftigte sich zus\u00e4tzlich noch mit den Paralympics 2021 und gestaltete ein Plakat.<\/p>\n\n\n\n<p><strong>ngg_shortcode_204_placeholder<\/strong><\/p>\n\n\n\n<p>Die zweite Klasse stellte in Werken Wurfgescho\u00dfe her, die im Anschluss daran bei sch\u00f6nem Herbstwetter vor der Schule ausprobiert wurden.<\/p>\n\n\n\n<p><strong>ngg_shortcode_205_placeholder&nbsp; &nbsp; &nbsp; &nbsp; ngg_shortcode_206_placeholder&nbsp;&nbsp;<\/strong><\/p>\n\n\n\n<h2 class=\"wp-block-heading\"><strong>Schuljahr 2020 \/ 2021<\/strong><\/h2>\n\n\n\n<p class=\"has-text-align-center\">Teilnahme am Wettbewerb &#8222;Vielfalt ist Klasse&#8220;<\/p>\n\n\n\n<p><strong>ngg_shortcode_207_placeholder<\/strong><\/p>\n\n\n\n<p class=\"has-text-align-center\">Unser Schulalltag<\/p>\n\n\n\n<p><strong>ngg_shortcode_208_placeholder<\/strong><\/p>\n\n\n\n<p><strong>ngg_shortcode_209_placeholder<\/strong><\/p>\n\n\n\n<p><strong>ngg_shortcode_210_placeholder<\/strong><\/p>\n\n\n\n<p><strong>ngg_shortcode_211_placeholder<\/strong><\/p>\n\n\n\n<p><strong>ngg_shortcode_212_placeholder<\/strong><\/p>\n\n\n\n<p><strong>ngg_shortcode_213_placeholder<\/strong><\/p>\n\n\n\n<p><strong>ngg_shortcode_214_placeholder<\/strong><\/p>\n\n\n\n<p><strong>ngg_shortcode_215_placeholder<\/strong><\/p>\n\n\n\n<p><strong>ngg_shortcode_216_placeholder<\/strong><\/p>\n\n\n\n<p><strong>ngg_shortcode_217_placeholder<\/strong><\/p>\n\n\n\n<p><strong>ngg_shortcode_218_placeholder<\/strong><\/p>\n\n\n\n<p class=\"has-text-align-center\">Eindr\u00fccke aus dem Religionsunterricht<\/p>\n\n\n\n<p>Im Herbst ist das Thema <strong>\u201eunsere Sch\u00f6pfung\u201c<\/strong><\/p>\n\n\n\n<p>ein wesentlicher Bestandteil des katholischen Religionsunterrichtes.<\/p>\n\n\n\n<p>Sch\u00fclerinnen und Sch\u00fclern duften mit verschiedenem Legematerial Szenen<\/p>\n\n\n\n<p>aus der Sch\u00f6pfungsgeschichte kreativ darstellen.<\/p>\n\n\n\n<p>In der 1. Klasse wurde mit den Volksschulkindern<\/p>\n\n\n\n<p>der <strong>Heilige Franziskus<\/strong> n\u00e4her besprochen.<\/p>\n\n\n\n<p>Sein wichtigstes Gebet \u201eder Sonnengesang\u201c durfte<\/p>\n\n\n\n<p>kreativ als Bodenbild dargestellt werden.<\/p>\n\n\n\n<p><strong>ngg_shortcode_219_placeholder<\/strong><\/p>\n\n\n\n<p><strong>ngg_shortcode_220_placeholder<\/strong><\/p>\n\n\n\n<p><strong>ngg_shortcode_221_placeholder<\/strong><\/p>\n\n\n\n<p><strong>ngg_shortcode_222_placeholder<\/strong><\/p>\n\n\n\n<p><strong>ngg_shortcode_223_placeholder<\/strong><\/p>\n\n\n\n<p><strong>ngg_shortcode_224_placeholder<\/strong><\/p>\n\n\n\n<p>Nach dem Anschlag vom 2.11.2020 wurde in Wien und Nieder\u00f6sterreich eine interkonfessionelle\/interreligi\u00f6se Aktion<\/p>\n\n\n\n<p>\u201eWir halten zusammen \u2013 Glaube verbindet\u201c<\/p>\n\n\n\n<p>gestartet.<\/p>\n\n\n\n<p>(siehe: <a href=\"https:\/\/religion.orf.at\/stories\/3202780\/\">https:\/\/religion.orf.at\/stories\/3202780\/<\/a>)<\/p>\n\n\n\n<p>Mit Spr\u00fcchen und Friedensbotschaften gestaltete wei\u00dfe B\u00e4nder sind bereits an zahlreichen Gottesh\u00e4usern und \u00f6ffentlichen Geb\u00e4uden sichtbar.<\/p>\n\n\n\n<p>Wir als Sonderschule Wolkersdorf wollen auch dazu einen Beitrag leisten<\/p>\n\n\n\n<p>und haben gemeinsam mit allen Sch\u00fclerinnen und Sch\u00fclern Hoffnungsworte und Psalmen auf wei\u00dfe B\u00e4nder geschrieben.<\/p>\n\n\n\n<p><strong>ngg_shortcode_225_placeholder<\/strong><\/p>\n\n\n\n<p><strong>ngg_shortcode_226_placeholder<\/strong><\/p>\n\n\n\n<p><strong>ngg_shortcode_227_placeholder<\/strong><\/p>\n\n\n\n<p><strong>ngg_shortcode_228_placeholder<\/strong><\/p>\n\n\n\n<p><strong>ngg_shortcode_229_placeholder<\/strong><\/p>\n\n\n\n<p><strong>ngg_shortcode_230_placeholder<\/strong><\/p>\n\n\n\n<p>&nbsp;<\/p>\n\n\n\n<p>&nbsp;<\/p>\n\n\n\n<p>&nbsp;<\/p>\n\n\n\n<p>&nbsp;<\/p>\n\n\n\n<p>&nbsp;<\/p>\n","protected":false},"excerpt":{"rendered":"<p>&nbsp; &nbsp; Schuljahr 2025\/2026 Besuch beim Biohof Vogt. Unser Schulhaus wird mit den k\u00fcnstlerischen Arbeiten der Sch\u00fclerinnen und Sch\u00fcler passend zur Jahreszeit geschm\u00fcckt. Ein Mini-Wald als Zeichen gelebter Gemeinschaft. Auf Initiative mit dem Verein Citizen Forests wurde im Pflege- und Betreuungszentrum Wolkersdorf ein Mini-Wald gepflanzt. Gemeinsam mit den Sch\u00fclerinnen und Sch\u00fclern der AHS Wolkersdorf packten auch unsere Sch\u00fclerinnen und Sch\u00fcler tatkr\u00e4ftig mit an. Mit gro\u00dfem Engagement und Begeisterung wurden rund 600 Setzlinge von B\u00e4umen und Str\u00e4uchern gepflanzt. So entsteht Schritt f\u00fcr Schritt ein Mini-Wald, der nicht nur einen wertvollen Beitrag zum Klimaschutz leistet, sondern auch ein nachhaltiges Zeichen f\u00fcr unsere Umwelt setzt. Faschingsdienstag Unicef-Workshop Spa\u00df im Winter beim Eislaufen und im Schnee Vor Weihnachten besuchten einige Sch\u00fclerinnen und Sch\u00fcler das Puppentheater Lilarum in Wien. Wir sahen das St\u00fcck &#8222;Hase Hoppla und der Weihnachtsbaum&#8220; Wir backen Kekse. Wie jedes Jahr besuchte uns auch heuer wieder der Nikolaus. Gespannt warten wir auf&hellip;<\/p>\n<p> <a class=\"more-link\" href=\"https:\/\/aso-wolkersdorf.ac.at\/wp\/?page_id=88\">Weiterlesen<\/a><\/p>\n","protected":false},"author":1002,"featured_media":0,"parent":0,"menu_order":0,"comment_status":"closed","ping_status":"closed","template":"","meta":{"ngg_post_thumbnail":0,"footnotes":""},"class_list":["post-88","page","type-page","status-publish"],"_links":{"self":[{"href":"https:\/\/aso-wolkersdorf.ac.at\/wp\/index.php?rest_route=\/wp\/v2\/pages\/88","targetHints":{"allow":["GET"]}}],"collection":[{"href":"https:\/\/aso-wolkersdorf.ac.at\/wp\/index.php?rest_route=\/wp\/v2\/pages"}],"about":[{"href":"https:\/\/aso-wolkersdorf.ac.at\/wp\/index.php?rest_route=\/wp\/v2\/types\/page"}],"author":[{"embeddable":true,"href":"https:\/\/aso-wolkersdorf.ac.at\/wp\/index.php?rest_route=\/wp\/v2\/users\/1002"}],"replies":[{"embeddable":true,"href":"https:\/\/aso-wolkersdorf.ac.at\/wp\/index.php?rest_route=%2Fwp%2Fv2%2Fcomments&post=88"}],"version-history":[{"count":211,"href":"https:\/\/aso-wolkersdorf.ac.at\/wp\/index.php?rest_route=\/wp\/v2\/pages\/88\/revisions"}],"predecessor-version":[{"id":2530,"href":"https:\/\/aso-wolkersdorf.ac.at\/wp\/index.php?rest_route=\/wp\/v2\/pages\/88\/revisions\/2530"}],"wp:attachment":[{"href":"https:\/\/aso-wolkersdorf.ac.at\/wp\/index.php?rest_route=%2Fwp%2Fv2%2Fmedia&parent=88"}],"curies":[{"name":"wp","href":"https:\/\/api.w.org\/{rel}","templated":true}]}}